{"id":5640,"date":"2018-05-23T16:04:46","date_gmt":"2018-05-23T14:04:46","guid":{"rendered":"https:\/\/www.brandensteincom.at\/?page_id=5640"},"modified":"2025-03-12T09:39:14","modified_gmt":"2025-03-12T08:39:14","slug":"data-protection","status":"publish","type":"page","link":"https:\/\/www.brandensteincom.at\/en\/data-protection\/","title":{"rendered":"Data protection"},"content":{"rendered":"<div data-elementor-type=\"wp-page\" data-elementor-id=\"5640\" class=\"elementor elementor-5640\" data-elementor-post-type=\"page\">\n\t\t\t\t\t\t<section class=\"elementor-section elementor-top-section elementor-element elementor-element-b74ca2a elementor-section-boxed elementor-section-height-default elementor-section-height-default\" data-id=\"b74ca2a\" data-element_type=\"section\" data-e-type=\"section\">\n\t\t\t\t\t\t<div class=\"elementor-container elementor-column-gap-default\">\n\t\t\t\t\t<div class=\"elementor-column elementor-col-100 elementor-top-column elementor-element elementor-element-cf8d17e\" data-id=\"cf8d17e\" data-element_type=\"column\" data-e-type=\"column\">\n\t\t\t<div class=\"elementor-widget-wrap elementor-element-populated\">\n\t\t\t\t\t\t<div class=\"elementor-element elementor-element-527a391 elementor-widget elementor-widget-text-editor\" data-id=\"527a391\" data-element_type=\"widget\" data-e-type=\"widget\" data-widget_type=\"text-editor.default\">\n\t\t\t\t<div class=\"elementor-widget-container\">\n\t\t\t\t\t\t\t\t\t<h1>Privacy Policy<\/h1>\t\t\t\t\t\t\t\t<\/div>\n\t\t\t\t<\/div>\n\t\t\t\t\t<\/div>\n\t\t<\/div>\n\t\t\t\t\t<\/div>\n\t\t<\/section>\n\t\t\t\t<section class=\"elementor-section elementor-top-section elementor-element elementor-element-704fa174 elementor-section-boxed elementor-section-height-default elementor-section-height-default\" data-id=\"704fa174\" data-element_type=\"section\" data-e-type=\"section\">\n\t\t\t\t\t\t<div class=\"elementor-container elementor-column-gap-default\">\n\t\t\t\t\t<div class=\"elementor-column elementor-col-100 elementor-top-column elementor-element elementor-element-41513732\" data-id=\"41513732\" data-element_type=\"column\" data-e-type=\"column\">\n\t\t\t<div class=\"elementor-widget-wrap elementor-element-populated\">\n\t\t\t\t\t\t<div class=\"elementor-element elementor-element-507bca0d elementor-widget elementor-widget-text-editor\" data-id=\"507bca0d\" data-element_type=\"widget\" data-e-type=\"widget\" data-widget_type=\"text-editor.default\">\n\t\t\t\t<div class=\"elementor-widget-container\">\n\t\t\t\t\t\t\t\t\t<p lang=\"de-AT\"><i>Status: 31 March 2022<\/i><\/p>\n<p lang=\"de-AT\">The protection of your personal data is of particular concern to us. We therefore process your data exclusively on the basis of the legal provisions (DSGVO, TKG 2003). In this data protection information, we inform you about the most important aspects of data processing.<\/p>\n<h2 lang=\"de-AT\"><span style=\"color: #808080;\"><b><br><\/b>Responsible<\/span><\/h2>\n<p lang=\"de-AT\">Christina Brandenstein<br>Servitengasse 5\/24<br>A-1090 Vienna<br>+43 1 319 41 01-11<br><a href=\"mailto:presse@brandensteincom.at\">presse@brandensteincom.at<\/a><\/p>\n<h2 lang=\"de-AT\"><b><span style=\"color: #808080;\"><br><\/span><\/b><span style=\"color: #808080;\">Personal data<\/span><\/h2>\n<p lang=\"de-AT\">Personal data are all data that contain individual details about personal or factual circumstances, for example name, address, email address, telephone number, date of birth, age, gender, academic title, job function, photos or videos. We collect, process and\/or use personal data only with consent or if there is another legal basis in accordance with the DSGVO, e.g. fulfilment of contract (Art 6 (1) (b) DSGVO) or legitimate interest (Art 6 (1) (f) DSGVO).<\/p>\n<h2 lang=\"de-AT\"><span style=\"color: #808080;\"><b><br><\/b>Data security<\/span><\/h2>\n<p lang=\"de-AT\">Personal data is protected by appropriate organisational and technical precautions. These precautions relate in particular to protection against unauthorised, illegal or even accidental access, processing, loss, use and manipulation.<\/p>\n<p lang=\"de-AT\">Notwithstanding our efforts to maintain a high standard of due diligence, it cannot be ruled out that information disclosed to us via the Internet may be viewed and used by other persons. We therefore accept no liability whatsoever for the disclosure of information due to errors in data transmission not caused by us and\/or unauthorised access by third parties (e.g. hacking of e-mail accounts or telephone, interception of faxes).<\/p>\n<h2 lang=\"de-AT\"><span style=\"color: #808080;\"><b><br><\/b>Groups of people<\/span><\/h2>\n<p lang=\"de-AT\">For our business activities and order processing, we process personal data of the following groups of persons:<\/p>\n<ul>\n<li>\n<p lang=\"de-AT\">Customers: In order to be able to advise our clients and fulfil contractually agreed services, we need the contact and account data of our business partners.<\/p>\n<\/li>\n<li>\n<p lang=\"de-AT\">Suppliers: In order to be able to fulfil agreements concluded with suppliers, we require contact and account data from these business partners.<\/p>\n<\/li>\n<li>\n<p lang=\"de-AT\">Journalists: In order to inform the media about current company and product topics as well as press events, we require contact details of media representatives for whom this information could be relevant.<\/p>\n<\/li>\n<li>\n<p lang=\"de-AT\">Job applicants: If necessary, vacancies are published in print media or via online channels. Unsuitable application documents will be deleted immediately<\/p>\n<\/li>\n<li>\n<p lang=\"de-AT\">Sweepstakes participants: We organise competitions on social media at irregular intervals. In order to send the prize, we need the contact details of the winner. If this data is no longer required, it will be deleted immediately.<\/p>\n<\/li>\n<\/ul>\n<h2 lang=\"de-AT\">&nbsp;<\/h2>\n<h2 lang=\"de-AT\"><span style=\"color: #808080;\">Storage period<\/span><\/h2>\n<p lang=\"de-AT\">Any natural person whose personal data is processed will be provided with information on the storage period and deletion of the data upon request. Data will not be retained for longer than is necessary to fulfil our contractual or legal obligations.<\/p>\n<p lang=\"de-AT\">As a matter of principle, after one month has elapsed since the purpose was achieved, it is checked whether the data is still needed and whether there is a legal obligation to retain the data that precludes deletion.<\/p>\n<p lang=\"de-AT\">In this case, the data will be deleted after the expiry of the seventh year after the last invoice has been posted (obligation to retain data under tax law according to \u00a7 132 para 1 BAO and obligation to retain data under company law according to \u00a7\u00a7 190, 212 UGB and obligation to retain data under turnover tax law according to \u00a7 18 para 2 3rd subparagraph). Documents of job applicants who are not hired will be deleted after six months unless otherwise agreed by the person concerned (claims for compensation due to discriminatory rejection of an application according to \u00a7\u00a7 15 para 1 and 29 para 1 GlbG as well as \u00a7 7k para 1 in connection with para 2 Z 1 BEinstG).<\/p>\n<h2 lang=\"de-AT\"><span style=\"color: #808080;\"><b><br><\/b>Contact us<\/span><\/h2>\n<p lang=\"de-AT\">If you contact us using the form on the website or by e-mail, the data you provide will be stored by us for six months for the purpose of processing the enquiry and in case of follow-up questions. We do not pass on this data without your consent.<\/p>\n<h2 lang=\"de-AT\"><span style=\"color: #808080;\"><b><br><\/b>Cookies<\/span><\/h2>\n<p lang=\"de-AT\">Our website may use so-called cookies in the future. These are small text files that are stored on your end device with the help of the browser. They do not cause any damage. Some cookies remain stored on your end device until you delete them. If you do not wish this, you can set up your browser so that it informs you about the setting of cookies and you only allow this in individual cases.<\/p>\n<h2 lang=\"de-AT\"><span style=\"color: #808080;\"><b><br><\/b>Web analysis<\/span><\/h2>\n<p lang=\"de-AT\">In the future, our website could in principle use functions of Google Analytics (web analysis service of Google Inc.), as a result of which data on usage could also be transmitted to a non-European third country. In this case, we would conclude a corresponding contract for commissioned data processing with the provider. Cookies are used for this purpose, which enable an analysis of the use of the website by its users. The information thus generated is transferred to the provider's server and stored there.<\/p>\n<p lang=\"de-AT\">Your IP address is recorded, but immediately pseudonymised (e.g. by deleting the last 8 bits). This means that only a rough localisation is possible. You can prevent this by setting up your browser so that no cookies are stored. The data processing is carried out on the basis of the legal provisions of \u00a7 96 para 3 TKG as well as Art 6 para 1 lit a (consent) and\/or f (legitimate interest) of the DSGVO. Our concern in terms of the DSGVO (legitimate interest) is the improvement of our website. Since the privacy of our users is important to us, the user data is pseudonymised.<\/p>\n<h2 lang=\"de-AT\"><span style=\"color: #808080;\"><b><br><\/b>Third-party services and content<\/span><\/h2>\n<p lang=\"de-AT\">Some of our website also includes services and content from third-party providers, such as YouTube videos, maps from Google Maps, social plugins from Facebook, Instagram and Pinterest, etc., or references to these are made via links to third-party websites. The IP address of the respective user is required here in order to send and display the content of the third-party providers to the user's browser.<\/p>\n<p lang=\"de-AT\">We try to only include content from third-party providers who only use the IP address to deliver the content. However, it is beyond our control if the third-party providers store the IP address, e.g. for statistical purposes.<\/p>\n<p lang=\"de-AT\">\n<\/p><h2 lang=\"de-AT\"><span style=\"color: #808080;\">Real Cookie Banner<\/span><\/h2>\n<p>We use the consent tool \"Real Cookie Banner\" to manage the cookies and similar technologies (tracking pixels, web beacons, etc.) used and the related consents. Details on how \"Real Cookie Banner\" works can be found at <a href=\"https:\/\/devowl.io\/de\/rcb\/datenverarbeitung\" target=\"_blank\" rel=\"noopener\">https:\/\/devowl.io\/de\/rcb\/datenverarbeitung<\/a>.<\/p>\n<p>The legal basis for the processing of personal data in this context is Art. 6 para. 1 lit. c DS-GVO and Art. 6 para. 1 lit. f DS-GVO. Our legitimate interest is the management of the cookies and similar technologies used and the related consents.<\/p>\n<p>The provision of personal data is neither contractually required nor necessary for the conclusion of a contract. You are not obliged to provide the personal data. If you do not provide the personal data, we will not be able to manage your consents.<\/p>\n<h2 lang=\"de-AT\"><span style=\"color: #808080;\"><b><br><\/b>Your rights<\/span><\/h2>\n<p lang=\"de-AT\">You are generally entitled to the rights of information, correction, deletion, restriction, data portability, revocation and objection. If you believe that the processing of your data violates data protection law or that your data protection rights have been violated in any other way, you can complain to the supervisory authority. In Austria, this is the data protection authority.<\/p>\n<h2 lang=\"de-AT\"><span style=\"color: #808080;\"><b><br><\/b>You can reach us at the following contact details:<\/span><\/h2>\n<p lang=\"de-AT\">Brandenstein Communications GmbH<br>Servitengasse 5\/24<br>A-1090 Vienna<br>+43 1 319 41 01-11<br><a href=\"mailto:presse@brandensteincom.at\">presse@brandensteincom.at<\/a><\/p>\t\t\t\t\t\t\t\t<\/div>\n\t\t\t\t<\/div>\n\t\t\t\t\t<\/div>\n\t\t<\/div>\n\t\t\t\t\t<\/div>\n\t\t<\/section>\n\t\t\t\t<\/div>","protected":false},"excerpt":{"rendered":"<p>Datenschutzerkl\u00e4rung Stand: 31. M\u00e4rz 2022 Der Schutz Ihrer pers\u00f6nlichen Daten ist uns ein besonderes Anliegen. Wir verarbeiten Ihre Daten daher ausschlie\u00dflich auf Grundlage der gesetzlichen Bestimmungen (DSGVO, TKG 2003). In diesen Datenschutzinformationen informieren wir Sie \u00fcber die wichtigsten Aspekte der Datenverarbeitung. Verantwortliche Christina BrandensteinServitengasse 5\/24A-1090 Wien+43 1 319 41 01-11presse@brandensteincom.at Personenbezogene Daten Personenbezogene Daten sind [&hellip;]<\/p>\n","protected":false},"author":25,"featured_media":0,"parent":0,"menu_order":19,"comment_status":"open","ping_status":"open","template":"elementor_header_footer","meta":{"_exactmetrics_skip_tracking":false,"_exactmetrics_sitenote_active":false,"_exactmetrics_sitenote_note":"","_exactmetrics_sitenote_category":0,"footnotes":""},"class_list":["post-5640","page","type-page","status-publish","hentry"],"yoast_head":"<!-- This site is optimized with the Yoast SEO Premium plugin v27.3 (Yoast SEO v27.3) - https:\/\/yoast.com\/product\/yoast-seo-premium-wordpress\/ -->\n<title>Datenschutz | Brandenstein Communications<\/title>\n<meta name=\"description\" content=\"Datenschutz ist uns ein besonderes Anliegen.\" \/>\n<meta name=\"robots\" content=\"index, follow, max-snippet:-1, max-image-preview:large, max-video-preview:-1\" \/>\n<link rel=\"canonical\" href=\"https:\/\/www.brandensteincom.at\/en\/data-protection\/\" \/>\n<meta property=\"og:locale\" content=\"en_GB\" \/>\n<meta property=\"og:type\" content=\"article\" \/>\n<meta property=\"og:title\" content=\"Datenschutz\" \/>\n<meta property=\"og:description\" content=\"Datenschutz ist uns ein besonderes Anliegen.\" \/>\n<meta property=\"og:url\" content=\"https:\/\/www.brandensteincom.at\/en\/data-protection\/\" \/>\n<meta property=\"og:site_name\" content=\"Brandenstein Communications\" \/>\n<meta property=\"article:publisher\" content=\"https:\/\/www.facebook.com\/BrandensteinCommunications\/\" \/>\n<meta property=\"article:modified_time\" content=\"2025-03-12T08:39:14+00:00\" \/>\n<meta property=\"og:image\" content=\"https:\/\/www.brandensteincom.at\/wp-content\/uploads\/2024\/10\/Brandenstein_logo-SEOyoast.jpg\" \/>\n\t<meta property=\"og:image:width\" content=\"1200\" \/>\n\t<meta property=\"og:image:height\" content=\"675\" \/>\n\t<meta property=\"og:image:type\" content=\"image\/jpeg\" \/>\n<meta name=\"twitter:card\" content=\"summary_large_image\" \/>\n<meta name=\"twitter:site\" content=\"@BrandensteinCom\" \/>\n<meta name=\"twitter:label1\" content=\"Estimated reading time\" \/>\n\t<meta name=\"twitter:data1\" content=\"6 minutes\" \/>\n<script type=\"application\/ld+json\" class=\"yoast-schema-graph\">{\"@context\":\"https:\\\/\\\/schema.org\",\"@graph\":[{\"@type\":\"WebPage\",\"@id\":\"https:\\\/\\\/www.brandensteincom.at\\\/datenschutz\\\/\",\"url\":\"https:\\\/\\\/www.brandensteincom.at\\\/datenschutz\\\/\",\"name\":\"Datenschutz | Brandenstein Communications\",\"isPartOf\":{\"@id\":\"https:\\\/\\\/www.brandensteincom.at\\\/#website\"},\"datePublished\":\"2018-05-23T14:04:46+00:00\",\"dateModified\":\"2025-03-12T08:39:14+00:00\",\"description\":\"Datenschutz ist uns ein besonderes Anliegen.\",\"breadcrumb\":{\"@id\":\"https:\\\/\\\/www.brandensteincom.at\\\/datenschutz\\\/#breadcrumb\"},\"inLanguage\":\"en-GB\",\"potentialAction\":[{\"@type\":\"ReadAction\",\"target\":[\"https:\\\/\\\/www.brandensteincom.at\\\/datenschutz\\\/\"]}]},{\"@type\":\"BreadcrumbList\",\"@id\":\"https:\\\/\\\/www.brandensteincom.at\\\/datenschutz\\\/#breadcrumb\",\"itemListElement\":[{\"@type\":\"ListItem\",\"position\":1,\"name\":\"Startseite\",\"item\":\"https:\\\/\\\/www.brandensteincom.at\\\/\"},{\"@type\":\"ListItem\",\"position\":2,\"name\":\"Datenschutz\"}]},{\"@type\":\"WebSite\",\"@id\":\"https:\\\/\\\/www.brandensteincom.at\\\/#website\",\"url\":\"https:\\\/\\\/www.brandensteincom.at\\\/\",\"name\":\"Brandenstein Communications\",\"description\":\"PR-Agentur\",\"publisher\":{\"@id\":\"https:\\\/\\\/www.brandensteincom.at\\\/#organization\"},\"potentialAction\":[{\"@type\":\"SearchAction\",\"target\":{\"@type\":\"EntryPoint\",\"urlTemplate\":\"https:\\\/\\\/www.brandensteincom.at\\\/?s={search_term_string}\"},\"query-input\":{\"@type\":\"PropertyValueSpecification\",\"valueRequired\":true,\"valueName\":\"search_term_string\"}}],\"inLanguage\":\"en-GB\"},{\"@type\":\"Organization\",\"@id\":\"https:\\\/\\\/www.brandensteincom.at\\\/#organization\",\"name\":\"Brandenstein Communications\",\"url\":\"https:\\\/\\\/www.brandensteincom.at\\\/\",\"logo\":{\"@type\":\"ImageObject\",\"inLanguage\":\"en-GB\",\"@id\":\"https:\\\/\\\/www.brandensteincom.at\\\/#\\\/schema\\\/logo\\\/image\\\/\",\"url\":\"https:\\\/\\\/www.brandensteincom.at\\\/wp-content\\\/uploads\\\/2023\\\/05\\\/cropped-Brandenstein_Master_BC-scaled-1.jpg\",\"contentUrl\":\"https:\\\/\\\/www.brandensteincom.at\\\/wp-content\\\/uploads\\\/2023\\\/05\\\/cropped-Brandenstein_Master_BC-scaled-1.jpg\",\"width\":2557,\"height\":732,\"caption\":\"Brandenstein Communications\"},\"image\":{\"@id\":\"https:\\\/\\\/www.brandensteincom.at\\\/#\\\/schema\\\/logo\\\/image\\\/\"},\"sameAs\":[\"https:\\\/\\\/www.facebook.com\\\/BrandensteinCommunications\\\/\",\"https:\\\/\\\/x.com\\\/BrandensteinCom\",\"https:\\\/\\\/www.instagram.com\\\/brandenstein_communications\\\/\",\"https:\\\/\\\/www.tiktok.com\\\/@brandenstein_pr\",\"https:\\\/\\\/at.pinterest.com\\\/brandensteincommunications\\\/\",\"https:\\\/\\\/www.linkedin.com\\\/company\\\/brandensteincommunications\"]}]}<\/script>\n<!-- \/ Yoast SEO Premium plugin. -->","yoast_head_json":{"title":"Privacy | Brandenstein Communications","description":"Data protection is a special concern for us.","robots":{"index":"index","follow":"follow","max-snippet":"max-snippet:-1","max-image-preview":"max-image-preview:large","max-video-preview":"max-video-preview:-1"},"canonical":"https:\/\/www.brandensteincom.at\/en\/data-protection\/","og_locale":"en_GB","og_type":"article","og_title":"Datenschutz","og_description":"Datenschutz ist uns ein besonderes Anliegen.","og_url":"https:\/\/www.brandensteincom.at\/en\/data-protection\/","og_site_name":"Brandenstein Communications","article_publisher":"https:\/\/www.facebook.com\/BrandensteinCommunications\/","article_modified_time":"2025-03-12T08:39:14+00:00","og_image":[{"width":1200,"height":675,"url":"https:\/\/www.brandensteincom.at\/wp-content\/uploads\/2024\/10\/Brandenstein_logo-SEOyoast.jpg","type":"image\/jpeg"}],"twitter_card":"summary_large_image","twitter_site":"@BrandensteinCom","twitter_misc":{"Estimated reading time":"6 minutes"},"schema":{"@context":"https:\/\/schema.org","@graph":[{"@type":"WebPage","@id":"https:\/\/www.brandensteincom.at\/datenschutz\/","url":"https:\/\/www.brandensteincom.at\/datenschutz\/","name":"Privacy | Brandenstein Communications","isPartOf":{"@id":"https:\/\/www.brandensteincom.at\/#website"},"datePublished":"2018-05-23T14:04:46+00:00","dateModified":"2025-03-12T08:39:14+00:00","description":"Data protection is a special concern for us.","breadcrumb":{"@id":"https:\/\/www.brandensteincom.at\/datenschutz\/#breadcrumb"},"inLanguage":"en-GB","potentialAction":[{"@type":"ReadAction","target":["https:\/\/www.brandensteincom.at\/datenschutz\/"]}]},{"@type":"BreadcrumbList","@id":"https:\/\/www.brandensteincom.at\/datenschutz\/#breadcrumb","itemListElement":[{"@type":"ListItem","position":1,"name":"Startseite","item":"https:\/\/www.brandensteincom.at\/"},{"@type":"ListItem","position":2,"name":"Datenschutz"}]},{"@type":"WebSite","@id":"https:\/\/www.brandensteincom.at\/#website","url":"https:\/\/www.brandensteincom.at\/","name":"Brandenstein Communications","description":"PR agency","publisher":{"@id":"https:\/\/www.brandensteincom.at\/#organization"},"potentialAction":[{"@type":"SearchAction","target":{"@type":"EntryPoint","urlTemplate":"https:\/\/www.brandensteincom.at\/?s={search_term_string}"},"query-input":{"@type":"PropertyValueSpecification","valueRequired":true,"valueName":"search_term_string"}}],"inLanguage":"en-GB"},{"@type":"Organization","@id":"https:\/\/www.brandensteincom.at\/#organization","name":"Brandenstein Communications","url":"https:\/\/www.brandensteincom.at\/","logo":{"@type":"ImageObject","inLanguage":"en-GB","@id":"https:\/\/www.brandensteincom.at\/#\/schema\/logo\/image\/","url":"https:\/\/www.brandensteincom.at\/wp-content\/uploads\/2023\/05\/cropped-Brandenstein_Master_BC-scaled-1.jpg","contentUrl":"https:\/\/www.brandensteincom.at\/wp-content\/uploads\/2023\/05\/cropped-Brandenstein_Master_BC-scaled-1.jpg","width":2557,"height":732,"caption":"Brandenstein Communications"},"image":{"@id":"https:\/\/www.brandensteincom.at\/#\/schema\/logo\/image\/"},"sameAs":["https:\/\/www.facebook.com\/BrandensteinCommunications\/","https:\/\/x.com\/BrandensteinCom","https:\/\/www.instagram.com\/brandenstein_communications\/","https:\/\/www.tiktok.com\/@brandenstein_pr","https:\/\/at.pinterest.com\/brandensteincommunications\/","https:\/\/www.linkedin.com\/company\/brandensteincommunications"]}]}},"_links":{"self":[{"href":"https:\/\/www.brandensteincom.at\/en\/wp-json\/wp\/v2\/pages\/5640","targetHints":{"allow":["GET"]}}],"collection":[{"href":"https:\/\/www.brandensteincom.at\/en\/wp-json\/wp\/v2\/pages"}],"about":[{"href":"https:\/\/www.brandensteincom.at\/en\/wp-json\/wp\/v2\/types\/page"}],"author":[{"embeddable":true,"href":"https:\/\/www.brandensteincom.at\/en\/wp-json\/wp\/v2\/users\/25"}],"replies":[{"embeddable":true,"href":"https:\/\/www.brandensteincom.at\/en\/wp-json\/wp\/v2\/comments?post=5640"}],"version-history":[{"count":32,"href":"https:\/\/www.brandensteincom.at\/en\/wp-json\/wp\/v2\/pages\/5640\/revisions"}],"predecessor-version":[{"id":74327,"href":"https:\/\/www.brandensteincom.at\/en\/wp-json\/wp\/v2\/pages\/5640\/revisions\/74327"}],"wp:attachment":[{"href":"https:\/\/www.brandensteincom.at\/en\/wp-json\/wp\/v2\/media?parent=5640"}],"curies":[{"name":"wp","href":"https:\/\/api.w.org\/{rel}","templated":true}]}}