{"id":70935,"date":"2023-05-01T16:37:09","date_gmt":"2023-05-01T14:37:09","guid":{"rendered":"https:\/\/www.brandensteincom.at\/?page_id=70935"},"modified":"2026-04-23T15:11:23","modified_gmt":"2026-04-23T13:11:23","slug":"team-4","status":"publish","type":"page","link":"https:\/\/www.brandensteincom.at\/en\/team-4\/","title":{"rendered":"TEAM"},"content":{"rendered":"<div data-elementor-type=\"wp-page\" data-elementor-id=\"70935\" class=\"elementor elementor-70935\" data-elementor-post-type=\"page\">\n\t\t\t\t\t\t<section class=\"elementor-section elementor-top-section elementor-element elementor-element-3235242 elementor-section-boxed elementor-section-height-default elementor-section-height-default\" data-id=\"3235242\" data-element_type=\"section\" data-e-type=\"section\">\n\t\t\t\t\t\t<div class=\"elementor-container elementor-column-gap-default\">\n\t\t\t\t\t<div class=\"elementor-column elementor-col-100 elementor-top-column elementor-element elementor-element-c28bfef\" data-id=\"c28bfef\" data-element_type=\"column\" data-e-type=\"column\">\n\t\t\t<div class=\"elementor-widget-wrap elementor-element-populated\">\n\t\t\t\t\t\t<div class=\"elementor-element elementor-element-2ca6de2 elementor-widget elementor-widget-image\" data-id=\"2ca6de2\" data-element_type=\"widget\" data-e-type=\"widget\" data-widget_type=\"image.default\">\n\t\t\t\t<div class=\"elementor-widget-container\">\n\t\t\t\t\t\t\t\t\t\t\t\t\t\t\t<img fetchpriority=\"high\" decoding=\"async\" width=\"1152\" height=\"648\" src=\"https:\/\/www.brandensteincom.at\/wp-content\/uploads\/2026\/04\/Kein-Titel-1920-x-1080-px-1.png\" class=\"attachment-full size-full wp-image-75346\" alt=\"\" srcset=\"https:\/\/www.brandensteincom.at\/wp-content\/uploads\/2026\/04\/Kein-Titel-1920-x-1080-px-1.png 1152w, https:\/\/www.brandensteincom.at\/wp-content\/uploads\/2026\/04\/Kein-Titel-1920-x-1080-px-1-500x281.png 500w, https:\/\/www.brandensteincom.at\/wp-content\/uploads\/2026\/04\/Kein-Titel-1920-x-1080-px-1-830x467.png 830w, https:\/\/www.brandensteincom.at\/wp-content\/uploads\/2026\/04\/Kein-Titel-1920-x-1080-px-1-768x432.png 768w, https:\/\/www.brandensteincom.at\/wp-content\/uploads\/2026\/04\/Kein-Titel-1920-x-1080-px-1-18x10.png 18w\" sizes=\"(max-width: 1152px) 100vw, 1152px\" \/>\t\t\t\t\t\t\t\t\t\t\t\t\t\t\t<\/div>\n\t\t\t\t<\/div>\n\t\t\t\t\t<\/div>\n\t\t<\/div>\n\t\t\t\t\t<\/div>\n\t\t<\/section>\n\t\t\t\t<section class=\"elementor-section elementor-top-section elementor-element elementor-element-5903449 elementor-section-boxed elementor-section-height-default elementor-section-height-default\" data-id=\"5903449\" data-element_type=\"section\" data-e-type=\"section\">\n\t\t\t\t\t\t<div class=\"elementor-container elementor-column-gap-default\">\n\t\t\t\t\t<div class=\"elementor-column elementor-col-100 elementor-top-column elementor-element elementor-element-7ac94d5\" data-id=\"7ac94d5\" data-element_type=\"column\" data-e-type=\"column\">\n\t\t\t<div class=\"elementor-widget-wrap elementor-element-populated\">\n\t\t\t\t\t\t<div class=\"elementor-element elementor-element-2998881 elementor-widget elementor-widget-text-editor\" data-id=\"2998881\" data-element_type=\"widget\" data-e-type=\"widget\" data-widget_type=\"text-editor.default\">\n\t\t\t\t<div class=\"elementor-widget-container\">\n\t\t\t\t\t\t\t\t\t<h1>Team<\/h1>\t\t\t\t\t\t\t\t<\/div>\n\t\t\t\t<\/div>\n\t\t\t\t\t<\/div>\n\t\t<\/div>\n\t\t\t\t\t<\/div>\n\t\t<\/section>\n\t\t\t\t<section class=\"elementor-section elementor-top-section elementor-element elementor-element-7104d73 elementor-section-boxed elementor-section-height-default elementor-section-height-default\" data-id=\"7104d73\" data-element_type=\"section\" data-e-type=\"section\">\n\t\t\t\t\t\t<div class=\"elementor-container elementor-column-gap-default\">\n\t\t\t\t\t<div class=\"elementor-column elementor-col-100 elementor-top-column elementor-element elementor-element-268e492\" data-id=\"268e492\" data-element_type=\"column\" data-e-type=\"column\">\n\t\t\t<div class=\"elementor-widget-wrap elementor-element-populated\">\n\t\t\t\t\t\t<div class=\"elementor-element elementor-element-d981651 elementor-widget elementor-widget-text-editor\" data-id=\"d981651\" data-element_type=\"widget\" data-e-type=\"widget\" data-widget_type=\"text-editor.default\">\n\t\t\t\t<div class=\"elementor-widget-container\">\n\t\t\t\t\t\t\t\t\t<p>Our team consists of five bright minds with different backgrounds, personalities and strengths - united by a passion for good communication and effective public relations. We think strategically, work creatively and never lose sight of people.<\/p><p>Curiosity is what drives us: we scrutinise, constantly learn and strive to make things even better. We consciously invest around ten per cent of our working time in further training - in new tools, trends, formats and topics that move our industry. In this way, we keep our finger on the pulse and continue to develop - as individuals and as a team.<\/p><p>What unites us is our shared ambition to make communication better in the long term. For our customers. For their topics. And for tomorrow. <b>Better Communications.<\/b><\/p>\t\t\t\t\t\t\t\t<\/div>\n\t\t\t\t<\/div>\n\t\t\t\t\t<\/div>\n\t\t<\/div>\n\t\t\t\t\t<\/div>\n\t\t<\/section>\n\t\t\t\t<section class=\"elementor-section elementor-top-section elementor-element elementor-element-01840cb elementor-section-boxed elementor-section-height-default elementor-section-height-default\" data-id=\"01840cb\" data-element_type=\"section\" data-e-type=\"section\">\n\t\t\t\t\t\t<div class=\"elementor-container elementor-column-gap-default\">\n\t\t\t\t\t<div class=\"elementor-column elementor-col-100 elementor-top-column elementor-element elementor-element-6ece2bd\" data-id=\"6ece2bd\" data-element_type=\"column\" data-e-type=\"column\">\n\t\t\t<div class=\"elementor-widget-wrap elementor-element-populated\">\n\t\t\t\t\t\t<div class=\"elementor-element elementor-element-cccdc34 elementor-widget elementor-widget-text-editor\" data-id=\"cccdc34\" data-element_type=\"widget\" data-e-type=\"widget\" data-widget_type=\"text-editor.default\">\n\t\t\t\t<div class=\"elementor-widget-container\">\n\t\t\t\t\t\t\t\t\t<h2>The management<\/h2>\t\t\t\t\t\t\t\t<\/div>\n\t\t\t\t<\/div>\n\t\t\t\t\t<\/div>\n\t\t<\/div>\n\t\t\t\t\t<\/div>\n\t\t<\/section>\n\t\t\t\t<section class=\"elementor-section elementor-top-section elementor-element elementor-element-9e22a43 elementor-section-boxed elementor-section-height-default elementor-section-height-default\" data-id=\"9e22a43\" data-element_type=\"section\" data-e-type=\"section\">\n\t\t\t\t\t\t<div class=\"elementor-container elementor-column-gap-default\">\n\t\t\t\t\t<div class=\"elementor-column elementor-col-50 elementor-top-column elementor-element elementor-element-2d6c95f\" data-id=\"2d6c95f\" data-element_type=\"column\" data-e-type=\"column\">\n\t\t\t<div class=\"elementor-widget-wrap elementor-element-populated\">\n\t\t\t\t\t\t<div class=\"elementor-element elementor-element-c0749ee elementor-widget elementor-widget-image\" data-id=\"c0749ee\" data-element_type=\"widget\" data-e-type=\"widget\" data-widget_type=\"image.default\">\n\t\t\t\t<div class=\"elementor-widget-container\">\n\t\t\t\t\t\t\t\t\t\t\t\t\t\t\t<img decoding=\"async\" width=\"220\" height=\"220\" src=\"https:\/\/www.brandensteincom.at\/wp-content\/uploads\/2026\/04\/4.png\" class=\"attachment-full size-full wp-image-75363\" alt=\"\" srcset=\"https:\/\/www.brandensteincom.at\/wp-content\/uploads\/2026\/04\/4.png 220w, https:\/\/www.brandensteincom.at\/wp-content\/uploads\/2026\/04\/4-12x12.png 12w\" sizes=\"(max-width: 220px) 100vw, 220px\" \/>\t\t\t\t\t\t\t\t\t\t\t\t\t\t\t<\/div>\n\t\t\t\t<\/div>\n\t\t\t\t<div class=\"elementor-element elementor-element-9836fae elementor-widget elementor-widget-text-editor\" data-id=\"9836fae\" data-element_type=\"widget\" data-e-type=\"widget\" data-widget_type=\"text-editor.default\">\n\t\t\t\t<div class=\"elementor-widget-container\">\n\t\t\t\t\t\t\t\t\t<p style=\"text-align: center;\"><strong>Christina Brandenstein<br \/><\/strong>CEO &amp; Senior PR Consultant<\/p><p>Christina's journey into PR began in the mid-1990s with an internship at a renowned agency in Los Angeles. She gained international experience early on and developed a feel for how strong stories, clear positioning and credible communication work together.<\/p><p>Back in Vienna, she held several positions in PR agencies before switching to the corporate side. At Siemens Austria, she initially worked as a communications manager and later as press spokesperson and head of the communications department responsible for the mobile phone division (Siemens\/BenQ) in 45 EMEA countries.<\/p><p class=\"MsoNormal\">She founded Brandenstein Communications in 2008. Since then, she has accompanied companies, brands and personalities in <b>strategic PR and communication issues in public relations<\/b>\u00a0- with a clear eye for content, attitude and long-term impact.<\/p>\t\t\t\t\t\t\t\t<\/div>\n\t\t\t\t<\/div>\n\t\t\t\t\t<\/div>\n\t\t<\/div>\n\t\t\t\t<div class=\"elementor-column elementor-col-50 elementor-top-column elementor-element elementor-element-730de45\" data-id=\"730de45\" data-element_type=\"column\" data-e-type=\"column\">\n\t\t\t<div class=\"elementor-widget-wrap elementor-element-populated\">\n\t\t\t\t\t\t<div class=\"elementor-element elementor-element-0c3c33c elementor-widget elementor-widget-image\" data-id=\"0c3c33c\" data-element_type=\"widget\" data-e-type=\"widget\" data-widget_type=\"image.default\">\n\t\t\t\t<div class=\"elementor-widget-container\">\n\t\t\t\t\t\t\t\t\t\t\t\t\t\t\t<img decoding=\"async\" width=\"220\" height=\"220\" src=\"https:\/\/www.brandensteincom.at\/wp-content\/uploads\/2026\/04\/5.png\" class=\"attachment-full size-full wp-image-75364\" alt=\"\" srcset=\"https:\/\/www.brandensteincom.at\/wp-content\/uploads\/2026\/04\/5.png 220w, https:\/\/www.brandensteincom.at\/wp-content\/uploads\/2026\/04\/5-12x12.png 12w\" sizes=\"(max-width: 220px) 100vw, 220px\" \/>\t\t\t\t\t\t\t\t\t\t\t\t\t\t\t<\/div>\n\t\t\t\t<\/div>\n\t\t\t\t<div class=\"elementor-element elementor-element-782ada0 elementor-widget elementor-widget-text-editor\" data-id=\"782ada0\" data-element_type=\"widget\" data-e-type=\"widget\" data-widget_type=\"text-editor.default\">\n\t\t\t\t<div class=\"elementor-widget-container\">\n\t\t\t\t\t\t\t\t\t<p style=\"text-align: center;\"><strong>Marco J\u00e4ger, MA<br \/><\/strong>Authorised signatory &amp; Senior PR Consultant<\/p><p>Marco began his professional career in the mid-2000s as a journalist for the <i>Salzburg News<\/i>\u00a0and <i>The Standard<\/i>. During this time, he developed a deep understanding of editorial processes, topic preparation and media contexts.<\/p><p>In 2007, he finally switched to the PR sector, initially working in various agencies and then in financial and pharmaceutical companies. In 2016, he was honoured as \"Company Spokesperson of the Year\" for his work in the pharmaceutical sector.<\/p><p>\u00a0<\/p><p>Marco has been part of the Brandenstein Communications team since 2016. As an authorised signatory and senior PR consultant, he is responsible for strategic PR consulting and project management for clients such as Attensam, Plattform Industrie 4.0 \u00d6sterreich, Octapharma and trade guilds of the Austrian Federal Economic Chamber.\u00a0<\/p>\t\t\t\t\t\t\t\t<\/div>\n\t\t\t\t<\/div>\n\t\t\t\t\t<\/div>\n\t\t<\/div>\n\t\t\t\t\t<\/div>\n\t\t<\/section>\n\t\t\t\t<section class=\"elementor-section elementor-top-section elementor-element elementor-element-84a5fc2 elementor-section-boxed elementor-section-height-default elementor-section-height-default\" data-id=\"84a5fc2\" data-element_type=\"section\" data-e-type=\"section\">\n\t\t\t\t\t\t<div class=\"elementor-container elementor-column-gap-default\">\n\t\t\t\t\t<div class=\"elementor-column elementor-col-100 elementor-top-column elementor-element elementor-element-0f528cc\" data-id=\"0f528cc\" data-element_type=\"column\" data-e-type=\"column\">\n\t\t\t<div class=\"elementor-widget-wrap elementor-element-populated\">\n\t\t\t\t\t\t<div class=\"elementor-element elementor-element-53ed09b elementor-widget elementor-widget-text-editor\" data-id=\"53ed09b\" data-element_type=\"widget\" data-e-type=\"widget\" data-widget_type=\"text-editor.default\">\n\t\t\t\t<div class=\"elementor-widget-container\">\n\t\t\t\t\t\t\t\t\t<h2>The Crew<\/h2>\t\t\t\t\t\t\t\t<\/div>\n\t\t\t\t<\/div>\n\t\t\t\t\t<\/div>\n\t\t<\/div>\n\t\t\t\t\t<\/div>\n\t\t<\/section>\n\t\t\t\t<section class=\"elementor-section elementor-top-section elementor-element elementor-element-596f909 elementor-section-boxed elementor-section-height-default elementor-section-height-default\" data-id=\"596f909\" data-element_type=\"section\" data-e-type=\"section\">\n\t\t\t\t\t\t<div class=\"elementor-container elementor-column-gap-default\">\n\t\t\t\t\t<div class=\"elementor-column elementor-col-33 elementor-top-column elementor-element elementor-element-2056d9e\" data-id=\"2056d9e\" data-element_type=\"column\" data-e-type=\"column\">\n\t\t\t<div class=\"elementor-widget-wrap elementor-element-populated\">\n\t\t\t\t\t\t<div class=\"elementor-element elementor-element-7eabab1 elementor-widget elementor-widget-image\" data-id=\"7eabab1\" data-element_type=\"widget\" data-e-type=\"widget\" data-widget_type=\"image.default\">\n\t\t\t\t<div class=\"elementor-widget-container\">\n\t\t\t\t\t\t\t\t\t\t\t\t\t\t\t<img loading=\"lazy\" decoding=\"async\" width=\"220\" height=\"220\" src=\"https:\/\/www.brandensteincom.at\/wp-content\/uploads\/2026\/04\/8.png\" class=\"attachment-full size-full wp-image-75367\" alt=\"\" srcset=\"https:\/\/www.brandensteincom.at\/wp-content\/uploads\/2026\/04\/8.png 220w, https:\/\/www.brandensteincom.at\/wp-content\/uploads\/2026\/04\/8-12x12.png 12w\" sizes=\"(max-width: 220px) 100vw, 220px\" \/>\t\t\t\t\t\t\t\t\t\t\t\t\t\t\t<\/div>\n\t\t\t\t<\/div>\n\t\t\t\t<div class=\"elementor-element elementor-element-b72fcbd elementor-widget elementor-widget-text-editor\" data-id=\"b72fcbd\" data-element_type=\"widget\" data-e-type=\"widget\" data-widget_type=\"text-editor.default\">\n\t\t\t\t<div class=\"elementor-widget-container\">\n\t\t\t\t\t\t\t\t\t<p style=\"text-align: center;\"><strong>Julia Teizer, MA<br \/><\/strong>PR Consultant<\/p><p><span style=\"font-family: 'Calibri',sans-serif;\">Julia has been part of the Brandenstein Communications team since 2018. After internships at other agencies, she joined the agency as a versatile all-rounder with a focus on organisation, content creation, graphics and project management.<\/span><\/p><p><span style=\"font-family: 'Calibri',sans-serif;\">Parallel to her work, she completed her Master's degree in Journalism and Communication Science with a focus on PR and Marketing at the University of Vienna and further training in event management at WIFI Vienna until 2022.<\/span><\/p>\t\t\t\t\t\t\t\t<\/div>\n\t\t\t\t<\/div>\n\t\t\t\t\t<\/div>\n\t\t<\/div>\n\t\t\t\t<div class=\"elementor-column elementor-col-33 elementor-top-column elementor-element elementor-element-7435122\" data-id=\"7435122\" data-element_type=\"column\" data-e-type=\"column\">\n\t\t\t<div class=\"elementor-widget-wrap elementor-element-populated\">\n\t\t\t\t\t\t<div class=\"elementor-element elementor-element-dee5f85 elementor-widget elementor-widget-image\" data-id=\"dee5f85\" data-element_type=\"widget\" data-e-type=\"widget\" data-widget_type=\"image.default\">\n\t\t\t\t<div class=\"elementor-widget-container\">\n\t\t\t\t\t\t\t\t\t\t\t\t\t\t\t<img loading=\"lazy\" decoding=\"async\" width=\"220\" height=\"220\" src=\"https:\/\/www.brandensteincom.at\/wp-content\/uploads\/2026\/04\/6.png\" class=\"attachment-full size-full wp-image-75365\" alt=\"\" srcset=\"https:\/\/www.brandensteincom.at\/wp-content\/uploads\/2026\/04\/6.png 220w, https:\/\/www.brandensteincom.at\/wp-content\/uploads\/2026\/04\/6-12x12.png 12w\" sizes=\"(max-width: 220px) 100vw, 220px\" \/>\t\t\t\t\t\t\t\t\t\t\t\t\t\t\t<\/div>\n\t\t\t\t<\/div>\n\t\t\t\t<div class=\"elementor-element elementor-element-d31d094 elementor-widget elementor-widget-text-editor\" data-id=\"d31d094\" data-element_type=\"widget\" data-e-type=\"widget\" data-widget_type=\"text-editor.default\">\n\t\t\t\t<div class=\"elementor-widget-container\">\n\t\t\t\t\t\t\t\t\t<p style=\"text-align: center;\"><b>\u00a0<\/b><b>Amanda Selan<\/b><br \/><span style=\"color: var( --e-global-color-text ); font-family: var( --e-global-typography-text-font-family ), Sans-serif; font-weight: var( --e-global-typography-text-font-weight );\">PR Assistant<\/span><\/p><p>Amanda has been part of our team since August 2025. After starting as an intern, she is currently in the final stages of her bachelor's degree in journalism and communication studies. Following her internship, she took on the role of PR assistant and supports our consultants in ongoing customer care.<\/p><p>She specialises in social media - especially TikTok. With a keen sense for trends and platform dynamics, she ensures that Brandenstein Communications' channels remain up-to-date and relevant at all times.<\/p>\t\t\t\t\t\t\t\t<\/div>\n\t\t\t\t<\/div>\n\t\t\t\t\t<\/div>\n\t\t<\/div>\n\t\t\t\t<div class=\"elementor-column elementor-col-33 elementor-top-column elementor-element elementor-element-4d83439\" data-id=\"4d83439\" data-element_type=\"column\" data-e-type=\"column\">\n\t\t\t<div class=\"elementor-widget-wrap elementor-element-populated\">\n\t\t\t\t\t\t<div class=\"elementor-element elementor-element-fc67e0a elementor-widget elementor-widget-image\" data-id=\"fc67e0a\" data-element_type=\"widget\" data-e-type=\"widget\" data-widget_type=\"image.default\">\n\t\t\t\t<div class=\"elementor-widget-container\">\n\t\t\t\t\t\t\t\t\t\t\t\t\t\t\t<img loading=\"lazy\" decoding=\"async\" width=\"220\" height=\"220\" src=\"https:\/\/www.brandensteincom.at\/wp-content\/uploads\/2026\/04\/7.png\" class=\"attachment-full size-full wp-image-75366\" alt=\"\" srcset=\"https:\/\/www.brandensteincom.at\/wp-content\/uploads\/2026\/04\/7.png 220w, https:\/\/www.brandensteincom.at\/wp-content\/uploads\/2026\/04\/7-12x12.png 12w\" sizes=\"(max-width: 220px) 100vw, 220px\" \/>\t\t\t\t\t\t\t\t\t\t\t\t\t\t\t<\/div>\n\t\t\t\t<\/div>\n\t\t\t\t<div class=\"elementor-element elementor-element-44fdd62 elementor-widget elementor-widget-text-editor\" data-id=\"44fdd62\" data-element_type=\"widget\" data-e-type=\"widget\" data-widget_type=\"text-editor.default\">\n\t\t\t\t<div class=\"elementor-widget-container\">\n\t\t\t\t\t\t\t\t\t<p style=\"text-align: center;\"><b>Verena Buzek, BA<\/b><br \/>Office Management &amp; Team Assistance<\/p><p>Verena has been part of Brandenstein Communications since December 2025 and works in the background to ensure that everything runs smoothly in the office. Following her experience in office management and her bachelor's degree in Content Production &amp; Digital Media Management, she is now a central point of contact for the team.<\/p><p>With a great deal of organisational talent, an open ear and her positive manner, she supports internal processes, coordinates organisational issues and maintains an overview even when things get a little more turbulent.<\/p>\t\t\t\t\t\t\t\t<\/div>\n\t\t\t\t<\/div>\n\t\t\t\t\t<\/div>\n\t\t<\/div>\n\t\t\t\t\t<\/div>\n\t\t<\/section>\n\t\t\t\t<section class=\"elementor-section elementor-top-section elementor-element elementor-element-cde36b8 elementor-section-boxed elementor-section-height-default elementor-section-height-default\" data-id=\"cde36b8\" data-element_type=\"section\" data-e-type=\"section\">\n\t\t\t\t\t\t<div class=\"elementor-container elementor-column-gap-default\">\n\t\t\t\t\t<div class=\"elementor-column elementor-col-50 elementor-top-column elementor-element elementor-element-c48afe5\" data-id=\"c48afe5\" data-element_type=\"column\" data-e-type=\"column\">\n\t\t\t<div class=\"elementor-widget-wrap elementor-element-populated\">\n\t\t\t\t\t\t\t<\/div>\n\t\t<\/div>\n\t\t\t\t<div class=\"elementor-column elementor-col-50 elementor-top-column elementor-element elementor-element-e8a70ee\" data-id=\"e8a70ee\" data-element_type=\"column\" data-e-type=\"column\">\n\t\t\t<div class=\"elementor-widget-wrap\">\n\t\t\t\t\t\t\t<\/div>\n\t\t<\/div>\n\t\t\t\t\t<\/div>\n\t\t<\/section>\n\t\t\t\t<section class=\"elementor-section elementor-top-section elementor-element elementor-element-dc328f3 elementor-section-boxed elementor-section-height-default elementor-section-height-default\" data-id=\"dc328f3\" data-element_type=\"section\" data-e-type=\"section\">\n\t\t\t\t\t\t<div class=\"elementor-container elementor-column-gap-default\">\n\t\t\t\t\t<div class=\"elementor-column elementor-col-100 elementor-top-column elementor-element elementor-element-b125c22\" data-id=\"b125c22\" data-element_type=\"column\" data-e-type=\"column\">\n\t\t\t<div class=\"elementor-widget-wrap elementor-element-populated\">\n\t\t\t\t\t\t<div class=\"elementor-element elementor-element-48683d0 elementor-widget elementor-widget-text-editor\" data-id=\"48683d0\" data-element_type=\"widget\" data-e-type=\"widget\" data-widget_type=\"text-editor.default\">\n\t\t\t\t<div class=\"elementor-widget-container\">\n\t\t\t\t\t\t\t\t\t<h2>We are happy to work with these partners<\/h2>\t\t\t\t\t\t\t\t<\/div>\n\t\t\t\t<\/div>\n\t\t\t\t\t<\/div>\n\t\t<\/div>\n\t\t\t\t\t<\/div>\n\t\t<\/section>\n\t\t\t\t<section class=\"elementor-section elementor-top-section elementor-element elementor-element-27aeed8 elementor-section-boxed elementor-section-height-default elementor-section-height-default\" data-id=\"27aeed8\" data-element_type=\"section\" data-e-type=\"section\">\n\t\t\t\t\t\t<div class=\"elementor-container elementor-column-gap-default\">\n\t\t\t\t\t<div class=\"elementor-column elementor-col-33 elementor-top-column elementor-element elementor-element-e9820c1\" data-id=\"e9820c1\" data-element_type=\"column\" data-e-type=\"column\">\n\t\t\t<div class=\"elementor-widget-wrap elementor-element-populated\">\n\t\t\t\t\t\t<div class=\"elementor-element elementor-element-521c0f3 elementor-widget elementor-widget-image\" data-id=\"521c0f3\" data-element_type=\"widget\" data-e-type=\"widget\" data-widget_type=\"image.default\">\n\t\t\t\t<div class=\"elementor-widget-container\">\n\t\t\t\t\t\t\t\t\t\t\t\t\t\t\t\t<a href=\"https:\/\/www.mediabrothers.at\/\" target=\"_blank\">\n\t\t\t\t\t\t\t<img loading=\"lazy\" decoding=\"async\" width=\"220\" height=\"220\" src=\"https:\/\/www.brandensteincom.at\/wp-content\/uploads\/2023\/05\/Partnerlogo-media-brothers.png\" class=\"attachment-full size-full wp-image-71443\" alt=\"\" srcset=\"https:\/\/www.brandensteincom.at\/wp-content\/uploads\/2023\/05\/Partnerlogo-media-brothers.png 220w, https:\/\/www.brandensteincom.at\/wp-content\/uploads\/2023\/05\/Partnerlogo-media-brothers-12x12.png 12w\" sizes=\"(max-width: 220px) 100vw, 220px\" \/>\t\t\t\t\t\t\t\t<\/a>\n\t\t\t\t\t\t\t\t\t\t\t\t\t\t\t<\/div>\n\t\t\t\t<\/div>\n\t\t\t\t<div class=\"elementor-element elementor-element-b4caaa1 elementor-widget elementor-widget-text-editor\" data-id=\"b4caaa1\" data-element_type=\"widget\" data-e-type=\"widget\" data-widget_type=\"text-editor.default\">\n\t\t\t\t<div class=\"elementor-widget-container\">\n\t\t\t\t\t\t\t\t\t<p style=\"text-align: center;\"><strong>Media Brothers<\/strong><\/p><p>The Viennese digital agency Media Brothers ensures the right visibility for big brands. They offer digital services from a single source - the creation of campaign strategies, video productions and social media support, workshops and coaching.<\/p><p style=\"text-align: center;\"><a href=\"https:\/\/www.mediabrothers.at\/\" target=\"_blank\" rel=\"noopener\">Go to website<\/a><\/p>\t\t\t\t\t\t\t\t<\/div>\n\t\t\t\t<\/div>\n\t\t\t\t\t<\/div>\n\t\t<\/div>\n\t\t\t\t<div class=\"elementor-column elementor-col-33 elementor-top-column elementor-element elementor-element-d593e66\" data-id=\"d593e66\" data-element_type=\"column\" data-e-type=\"column\">\n\t\t\t<div class=\"elementor-widget-wrap elementor-element-populated\">\n\t\t\t\t\t\t<div class=\"elementor-element elementor-element-39327cb elementor-widget elementor-widget-image\" data-id=\"39327cb\" data-element_type=\"widget\" data-e-type=\"widget\" data-widget_type=\"image.default\">\n\t\t\t\t<div class=\"elementor-widget-container\">\n\t\t\t\t\t\t\t\t\t\t\t\t\t\t\t\t<a href=\"https:\/\/www.wirz-werbeagentur.at\/\" target=\"_blank\">\n\t\t\t\t\t\t\t<img decoding=\"async\" src=\"https:\/\/www.brandensteincom.at\/wp-content\/uploads\/elementor\/thumbs\/wirz-werbeagentur-qg32actsbox6cfg48kh43a6kprjyid98se8rgl2k60.png\" title=\"wirz advertising agency\" alt=\"wirz advertising agency\" loading=\"lazy\" \/>\t\t\t\t\t\t\t\t<\/a>\n\t\t\t\t\t\t\t\t\t\t\t\t\t\t\t<\/div>\n\t\t\t\t<\/div>\n\t\t\t\t<div class=\"elementor-element elementor-element-5492b17 elementor-widget elementor-widget-text-editor\" data-id=\"5492b17\" data-element_type=\"widget\" data-e-type=\"widget\" data-widget_type=\"text-editor.default\">\n\t\t\t\t<div class=\"elementor-widget-container\">\n\t\t\t\t\t\t\t\t\t<p style=\"text-align: center;\"><strong>Wirz<\/strong><\/p><p>The Wirz advertising agency offers the entire spectrum of consulting, communication and implementation from a single source. The team works for some of Austria's biggest brands and is one of the country's most modern marketing, advertising, media, online and transformation agencies.<\/p><p style=\"text-align: center;\"><a href=\"https:\/\/www.wirz-werbeagentur.at\/\" target=\"_blank\" rel=\"noopener\">Go to website<\/a><\/p>\t\t\t\t\t\t\t\t<\/div>\n\t\t\t\t<\/div>\n\t\t\t\t\t<\/div>\n\t\t<\/div>\n\t\t\t\t<div class=\"elementor-column elementor-col-33 elementor-top-column elementor-element elementor-element-91b771f\" data-id=\"91b771f\" data-element_type=\"column\" data-e-type=\"column\">\n\t\t\t<div class=\"elementor-widget-wrap elementor-element-populated\">\n\t\t\t\t\t\t<div class=\"elementor-element elementor-element-bc76662 elementor-widget elementor-widget-image\" data-id=\"bc76662\" data-element_type=\"widget\" data-e-type=\"widget\" data-widget_type=\"image.default\">\n\t\t\t\t<div class=\"elementor-widget-container\">\n\t\t\t\t\t\t\t\t\t\t\t\t\t\t\t\t<a href=\"https:\/\/www.ninamohimi.at\/\" target=\"_blank\">\n\t\t\t\t\t\t\t<img loading=\"lazy\" decoding=\"async\" width=\"220\" height=\"220\" src=\"https:\/\/www.brandensteincom.at\/wp-content\/uploads\/2023\/05\/Portrait-Nina-Mohimi.png\" class=\"attachment-full size-full wp-image-71455\" alt=\"\" srcset=\"https:\/\/www.brandensteincom.at\/wp-content\/uploads\/2023\/05\/Portrait-Nina-Mohimi.png 220w, https:\/\/www.brandensteincom.at\/wp-content\/uploads\/2023\/05\/Portrait-Nina-Mohimi-12x12.png 12w\" sizes=\"(max-width: 220px) 100vw, 220px\" \/>\t\t\t\t\t\t\t\t<\/a>\n\t\t\t\t\t\t\t\t\t\t\t\t\t\t\t<\/div>\n\t\t\t\t<\/div>\n\t\t\t\t<div class=\"elementor-element elementor-element-1f4bb61 elementor-widget elementor-widget-text-editor\" data-id=\"1f4bb61\" data-element_type=\"widget\" data-e-type=\"widget\" data-widget_type=\"text-editor.default\">\n\t\t\t\t<div class=\"elementor-widget-container\">\n\t\t\t\t\t\t\t\t\t<p style=\"text-align: center;\"><strong>Nina Mohimi<\/strong><\/p><p>An expert for food &amp; beverage marketing convinces with more than 20 years of profound know-how about consumer behaviour, campaign management, brand communication, hospitality, gastronomy, retail and F&amp;B trends.<\/p><p style=\"text-align: center;\"><a href=\"https:\/\/www.ninamohimi.at\/\" target=\"_blank\" rel=\"noopener\">Go to website<\/a><\/p>\t\t\t\t\t\t\t\t<\/div>\n\t\t\t\t<\/div>\n\t\t\t\t\t<\/div>\n\t\t<\/div>\n\t\t\t\t\t<\/div>\n\t\t<\/section>\n\t\t\t\t<section class=\"elementor-section elementor-top-section elementor-element elementor-element-a7e1013 elementor-section-boxed elementor-section-height-default elementor-section-height-default\" data-id=\"a7e1013\" data-element_type=\"section\" data-e-type=\"section\">\n\t\t\t\t\t\t<div class=\"elementor-container elementor-column-gap-default\">\n\t\t\t\t\t<div class=\"elementor-column elementor-col-33 elementor-top-column elementor-element elementor-element-5cf38b2\" data-id=\"5cf38b2\" data-element_type=\"column\" data-e-type=\"column\">\n\t\t\t<div class=\"elementor-widget-wrap elementor-element-populated\">\n\t\t\t\t\t\t<div class=\"elementor-element elementor-element-a206e88 elementor-widget elementor-widget-image\" data-id=\"a206e88\" data-element_type=\"widget\" data-e-type=\"widget\" data-widget_type=\"image.default\">\n\t\t\t\t<div class=\"elementor-widget-container\">\n\t\t\t\t\t\t\t\t\t\t\t\t\t\t\t\t<a href=\"https:\/\/www.tuer3.com\/\" target=\"_blank\">\n\t\t\t\t\t\t\t<img loading=\"lazy\" decoding=\"async\" width=\"220\" height=\"220\" src=\"https:\/\/www.brandensteincom.at\/wp-content\/uploads\/2023\/05\/Portraitfoto-Gustav-Assem.png\" class=\"attachment-full size-full wp-image-71769\" alt=\"Partner portrait Gustav Assem, Brandenstein Communications\" srcset=\"https:\/\/www.brandensteincom.at\/wp-content\/uploads\/2023\/05\/Portraitfoto-Gustav-Assem.png 220w, https:\/\/www.brandensteincom.at\/wp-content\/uploads\/2023\/05\/Portraitfoto-Gustav-Assem-12x12.png 12w\" sizes=\"(max-width: 220px) 100vw, 220px\" \/>\t\t\t\t\t\t\t\t<\/a>\n\t\t\t\t\t\t\t\t\t\t\t\t\t\t\t<\/div>\n\t\t\t\t<\/div>\n\t\t\t\t<div class=\"elementor-element elementor-element-9fb3e1f elementor-widget elementor-widget-text-editor\" data-id=\"9fb3e1f\" data-element_type=\"widget\" data-e-type=\"widget\" data-widget_type=\"text-editor.default\">\n\t\t\t\t<div class=\"elementor-widget-container\">\n\t\t\t\t\t\t\t\t\t<p style=\"text-align: center;\"><strong>Gustav Assem<\/strong><\/p><p>With his graphic design agency T\u00fcr3, Gustav is a creative partner for all aspects of corporate design. From classic graphic design, CI and logo development to print and web design, the range of creative services is characterised by that certain something.<\/p><p style=\"text-align: center;\"><a href=\"https:\/\/www.tuer3.com\/\" target=\"_blank\" rel=\"noopener\">Go to website<\/a><\/p>\t\t\t\t\t\t\t\t<\/div>\n\t\t\t\t<\/div>\n\t\t\t\t\t<\/div>\n\t\t<\/div>\n\t\t\t\t<div class=\"elementor-column elementor-col-33 elementor-top-column elementor-element elementor-element-38d4182\" data-id=\"38d4182\" data-element_type=\"column\" data-e-type=\"column\">\n\t\t\t<div class=\"elementor-widget-wrap elementor-element-populated\">\n\t\t\t\t\t\t<div class=\"elementor-element elementor-element-a408586 elementor-widget elementor-widget-image\" data-id=\"a408586\" data-element_type=\"widget\" data-e-type=\"widget\" data-widget_type=\"image.default\">\n\t\t\t\t<div class=\"elementor-widget-container\">\n\t\t\t\t\t\t\t\t\t\t\t\t\t\t\t\t<a href=\"https:\/\/www.martinsteiger.at\/\" target=\"_blank\">\n\t\t\t\t\t\t\t<img loading=\"lazy\" decoding=\"async\" width=\"220\" height=\"220\" src=\"https:\/\/www.brandensteincom.at\/wp-content\/uploads\/2023\/05\/Partnerportrait-Martin-Steiger.png\" class=\"attachment-full size-full wp-image-71768\" alt=\"Partner Portrait Martin Steiger, Brandenstein Communications\" srcset=\"https:\/\/www.brandensteincom.at\/wp-content\/uploads\/2023\/05\/Partnerportrait-Martin-Steiger.png 220w, https:\/\/www.brandensteincom.at\/wp-content\/uploads\/2023\/05\/Partnerportrait-Martin-Steiger-12x12.png 12w\" sizes=\"(max-width: 220px) 100vw, 220px\" \/>\t\t\t\t\t\t\t\t<\/a>\n\t\t\t\t\t\t\t\t\t\t\t\t\t\t\t<\/div>\n\t\t\t\t<\/div>\n\t\t\t\t<div class=\"elementor-element elementor-element-72e5135 elementor-widget elementor-widget-text-editor\" data-id=\"72e5135\" data-element_type=\"widget\" data-e-type=\"widget\" data-widget_type=\"text-editor.default\">\n\t\t\t\t<div class=\"elementor-widget-container\">\n\t\t\t\t\t\t\t\t\t<p style=\"text-align: center;\"><strong>Martin Steiger<\/strong><\/p><p>As a photographer, Martin knows how to create the perfect arrangement of light, props, environment and model for any photo or video shoot. His talent for portraying people, products or events is great and always puts our clients or projects in the perfect light.<\/p><p style=\"text-align: center;\"><a href=\"https:\/\/www.martinsteiger.at\/\" target=\"_blank\" rel=\"noopener\">Go to website<\/a><\/p>\t\t\t\t\t\t\t\t<\/div>\n\t\t\t\t<\/div>\n\t\t\t\t\t<\/div>\n\t\t<\/div>\n\t\t\t\t<div class=\"elementor-column elementor-col-33 elementor-top-column elementor-element elementor-element-d442376\" data-id=\"d442376\" data-element_type=\"column\" data-e-type=\"column\">\n\t\t\t<div class=\"elementor-widget-wrap elementor-element-populated\">\n\t\t\t\t\t\t<div class=\"elementor-element elementor-element-c842b99 elementor-widget elementor-widget-image\" data-id=\"c842b99\" data-element_type=\"widget\" data-e-type=\"widget\" data-widget_type=\"image.default\">\n\t\t\t\t<div class=\"elementor-widget-container\">\n\t\t\t\t\t\t\t\t\t\t\t\t\t\t\t\t<a href=\"https:\/\/www.martinsteiger.at\/\" target=\"_blank\">\n\t\t\t\t\t\t\t<img loading=\"lazy\" decoding=\"async\" width=\"220\" height=\"220\" src=\"https:\/\/www.brandensteincom.at\/wp-content\/uploads\/2024\/12\/Partnerlogo-Franziska-Herdin.png\" class=\"attachment-full size-full wp-image-74093\" alt=\"\" srcset=\"https:\/\/www.brandensteincom.at\/wp-content\/uploads\/2024\/12\/Partnerlogo-Franziska-Herdin.png 220w, https:\/\/www.brandensteincom.at\/wp-content\/uploads\/2024\/12\/Partnerlogo-Franziska-Herdin-12x12.png 12w\" sizes=\"(max-width: 220px) 100vw, 220px\" \/>\t\t\t\t\t\t\t\t<\/a>\n\t\t\t\t\t\t\t\t\t\t\t\t\t\t\t<\/div>\n\t\t\t\t<\/div>\n\t\t\t\t<div class=\"elementor-element elementor-element-e06de3f elementor-widget elementor-widget-text-editor\" data-id=\"e06de3f\" data-element_type=\"widget\" data-e-type=\"widget\" data-widget_type=\"text-editor.default\">\n\t\t\t\t<div class=\"elementor-widget-container\">\n\t\t\t\t\t\t\t\t\t<p><span style=\"color: var( --e-global-color-text ); font-family: var( --e-global-typography-text-font-family ), Sans-serif; text-align: justify;\"><b>Franziska Herdin<\/b><\/span><\/p><p>With vigour, creativity and great attention to detail, Franziska Herdin creates authentic corporate and brand presences that make an impact. Franziska creates great websites, has solid expertise in online marketing (Google Ads, SEO, e-mail) and also offers graphic design services for logos, corporate design and print.<\/p><p style=\"text-align: center;\"><a href=\"http:\/\/www.herdin-webmarketing.at\">Go to website<\/a><\/p>\t\t\t\t\t\t\t\t<\/div>\n\t\t\t\t<\/div>\n\t\t\t\t\t<\/div>\n\t\t<\/div>\n\t\t\t\t\t<\/div>\n\t\t<\/section>\n\t\t\t\t<\/div>","protected":false},"excerpt":{"rendered":"<p>Team Unser Team besteht aus f\u00fcnf klugen K\u00f6pfen mit unterschiedlichen Hintergr\u00fcnden, Pers\u00f6nlichkeiten und St\u00e4rken \u2013 vereint durch die Leidenschaft f\u00fcr gute Kommunikation und wirksame Public Relations. Wir denken strategisch, arbeiten kreativ und verlieren dabei nie den Menschen aus dem Blick. Neugier ist unser Antrieb: Wir hinterfragen, lernen st\u00e4ndig dazu und haben den Anspruch, Dinge immer [&hellip;]<\/p>\n","protected":false},"author":25,"featured_media":0,"parent":0,"menu_order":0,"comment_status":"closed","ping_status":"closed","template":"elementor_header_footer","meta":{"_exactmetrics_skip_tracking":false,"_exactmetrics_sitenote_active":false,"_exactmetrics_sitenote_note":"","_exactmetrics_sitenote_category":0,"footnotes":""},"class_list":["post-70935","page","type-page","status-publish","hentry"],"yoast_head":"<!-- This site is optimized with the Yoast SEO Premium plugin v27.5 (Yoast SEO v27.5) - https:\/\/yoast.com\/product\/yoast-seo-premium-wordpress\/ -->\n<title>TEAM | Brandenstein Communications<\/title>\n<meta name=\"description\" content=\"Unser Team besteht aus sechs kreativen K\u00f6pfen, klugen Strategen und leidenschaftlichen Kommunikationsprofis. Wir leben und lieben PR!\" \/>\n<meta name=\"robots\" content=\"index, follow, max-snippet:-1, max-image-preview:large, max-video-preview:-1\" \/>\n<link rel=\"canonical\" href=\"https:\/\/www.brandensteincom.at\/en\/team-4\/\" \/>\n<meta property=\"og:locale\" content=\"en_GB\" \/>\n<meta property=\"og:type\" content=\"article\" \/>\n<meta property=\"og:title\" content=\"TEAM\" \/>\n<meta property=\"og:description\" content=\"Unser Team besteht aus sechs kreativen K\u00f6pfen, klugen Strategen und leidenschaftlichen Kommunikationsprofis. Wir leben und lieben PR!\" \/>\n<meta property=\"og:url\" content=\"https:\/\/www.brandensteincom.at\/en\/team-4\/\" \/>\n<meta property=\"og:site_name\" content=\"Brandenstein Communications\" \/>\n<meta property=\"article:publisher\" content=\"https:\/\/www.facebook.com\/BrandensteinCommunications\/\" \/>\n<meta property=\"article:modified_time\" content=\"2026-04-23T13:11:23+00:00\" \/>\n<meta property=\"og:image\" content=\"https:\/\/www.brandensteincom.at\/wp-content\/uploads\/2026\/04\/Kein-Titel-1920-x-1080-px-1.png\" \/>\n\t<meta property=\"og:image:width\" content=\"1152\" \/>\n\t<meta property=\"og:image:height\" content=\"648\" \/>\n\t<meta property=\"og:image:type\" content=\"image\/png\" \/>\n<meta name=\"twitter:card\" content=\"summary_large_image\" \/>\n<meta name=\"twitter:site\" content=\"@BrandensteinCom\" \/>\n<meta name=\"twitter:label1\" content=\"Estimated reading time\" \/>\n\t<meta name=\"twitter:data1\" content=\"7 minutes\" \/>\n<script type=\"application\/ld+json\" class=\"yoast-schema-graph\">{\"@context\":\"https:\\\/\\\/schema.org\",\"@graph\":[{\"@type\":[\"WebPage\",\"AboutPage\"],\"@id\":\"https:\\\/\\\/www.brandensteincom.at\\\/team-4\\\/\",\"url\":\"https:\\\/\\\/www.brandensteincom.at\\\/team-4\\\/\",\"name\":\"TEAM | Brandenstein Communications\",\"isPartOf\":{\"@id\":\"https:\\\/\\\/www.brandensteincom.at\\\/#website\"},\"primaryImageOfPage\":{\"@id\":\"https:\\\/\\\/www.brandensteincom.at\\\/team-4\\\/#primaryimage\"},\"image\":{\"@id\":\"https:\\\/\\\/www.brandensteincom.at\\\/team-4\\\/#primaryimage\"},\"thumbnailUrl\":\"https:\\\/\\\/www.brandensteincom.at\\\/wp-content\\\/uploads\\\/2026\\\/04\\\/Kein-Titel-1920-x-1080-px-1.png\",\"datePublished\":\"2023-05-01T14:37:09+00:00\",\"dateModified\":\"2026-04-23T13:11:23+00:00\",\"description\":\"Unser Team besteht aus sechs kreativen K\u00f6pfen, klugen Strategen und leidenschaftlichen Kommunikationsprofis. Wir leben und lieben PR!\",\"breadcrumb\":{\"@id\":\"https:\\\/\\\/www.brandensteincom.at\\\/team-4\\\/#breadcrumb\"},\"inLanguage\":\"en-GB\",\"potentialAction\":[{\"@type\":\"ReadAction\",\"target\":[\"https:\\\/\\\/www.brandensteincom.at\\\/team-4\\\/\"]}]},{\"@type\":\"ImageObject\",\"inLanguage\":\"en-GB\",\"@id\":\"https:\\\/\\\/www.brandensteincom.at\\\/team-4\\\/#primaryimage\",\"url\":\"https:\\\/\\\/www.brandensteincom.at\\\/wp-content\\\/uploads\\\/2026\\\/04\\\/Kein-Titel-1920-x-1080-px-1.png\",\"contentUrl\":\"https:\\\/\\\/www.brandensteincom.at\\\/wp-content\\\/uploads\\\/2026\\\/04\\\/Kein-Titel-1920-x-1080-px-1.png\"},{\"@type\":\"BreadcrumbList\",\"@id\":\"https:\\\/\\\/www.brandensteincom.at\\\/team-4\\\/#breadcrumb\",\"itemListElement\":[{\"@type\":\"ListItem\",\"position\":1,\"name\":\"Startseite\",\"item\":\"https:\\\/\\\/www.brandensteincom.at\\\/\"},{\"@type\":\"ListItem\",\"position\":2,\"name\":\"TEAM\"}]},{\"@type\":\"WebSite\",\"@id\":\"https:\\\/\\\/www.brandensteincom.at\\\/#website\",\"url\":\"https:\\\/\\\/www.brandensteincom.at\\\/\",\"name\":\"Brandenstein Communications\",\"description\":\"PR-Agentur\",\"publisher\":{\"@id\":\"https:\\\/\\\/www.brandensteincom.at\\\/#organization\"},\"potentialAction\":[{\"@type\":\"SearchAction\",\"target\":{\"@type\":\"EntryPoint\",\"urlTemplate\":\"https:\\\/\\\/www.brandensteincom.at\\\/?s={search_term_string}\"},\"query-input\":{\"@type\":\"PropertyValueSpecification\",\"valueRequired\":true,\"valueName\":\"search_term_string\"}}],\"inLanguage\":\"en-GB\"},{\"@type\":\"Organization\",\"@id\":\"https:\\\/\\\/www.brandensteincom.at\\\/#organization\",\"name\":\"Brandenstein Communications\",\"url\":\"https:\\\/\\\/www.brandensteincom.at\\\/\",\"logo\":{\"@type\":\"ImageObject\",\"inLanguage\":\"en-GB\",\"@id\":\"https:\\\/\\\/www.brandensteincom.at\\\/#\\\/schema\\\/logo\\\/image\\\/\",\"url\":\"https:\\\/\\\/www.brandensteincom.at\\\/wp-content\\\/uploads\\\/2023\\\/05\\\/cropped-Brandenstein_Master_BC-scaled-1.jpg\",\"contentUrl\":\"https:\\\/\\\/www.brandensteincom.at\\\/wp-content\\\/uploads\\\/2023\\\/05\\\/cropped-Brandenstein_Master_BC-scaled-1.jpg\",\"width\":2557,\"height\":732,\"caption\":\"Brandenstein Communications\"},\"image\":{\"@id\":\"https:\\\/\\\/www.brandensteincom.at\\\/#\\\/schema\\\/logo\\\/image\\\/\"},\"sameAs\":[\"https:\\\/\\\/www.facebook.com\\\/BrandensteinCommunications\\\/\",\"https:\\\/\\\/x.com\\\/BrandensteinCom\",\"https:\\\/\\\/www.instagram.com\\\/brandenstein_communications\\\/\",\"https:\\\/\\\/www.tiktok.com\\\/@brandenstein_pr\",\"https:\\\/\\\/at.pinterest.com\\\/brandensteincommunications\\\/\",\"https:\\\/\\\/www.linkedin.com\\\/company\\\/brandensteincommunications\"]}]}<\/script>\n<!-- \/ Yoast SEO Premium plugin. -->","yoast_head_json":{"title":"TEAM | Brandenstein Communications","description":"Our team consists of six creative minds, clever strategists and passionate communication professionals. We live and love PR!","robots":{"index":"index","follow":"follow","max-snippet":"max-snippet:-1","max-image-preview":"max-image-preview:large","max-video-preview":"max-video-preview:-1"},"canonical":"https:\/\/www.brandensteincom.at\/en\/team-4\/","og_locale":"en_GB","og_type":"article","og_title":"TEAM","og_description":"Unser Team besteht aus sechs kreativen K\u00f6pfen, klugen Strategen und leidenschaftlichen Kommunikationsprofis. Wir leben und lieben PR!","og_url":"https:\/\/www.brandensteincom.at\/en\/team-4\/","og_site_name":"Brandenstein Communications","article_publisher":"https:\/\/www.facebook.com\/BrandensteinCommunications\/","article_modified_time":"2026-04-23T13:11:23+00:00","og_image":[{"width":1152,"height":648,"url":"https:\/\/www.brandensteincom.at\/wp-content\/uploads\/2026\/04\/Kein-Titel-1920-x-1080-px-1.png","type":"image\/png"}],"twitter_card":"summary_large_image","twitter_site":"@BrandensteinCom","twitter_misc":{"Estimated reading time":"7 minutes"},"schema":{"@context":"https:\/\/schema.org","@graph":[{"@type":["WebPage","AboutPage"],"@id":"https:\/\/www.brandensteincom.at\/team-4\/","url":"https:\/\/www.brandensteincom.at\/team-4\/","name":"TEAM | Brandenstein Communications","isPartOf":{"@id":"https:\/\/www.brandensteincom.at\/#website"},"primaryImageOfPage":{"@id":"https:\/\/www.brandensteincom.at\/team-4\/#primaryimage"},"image":{"@id":"https:\/\/www.brandensteincom.at\/team-4\/#primaryimage"},"thumbnailUrl":"https:\/\/www.brandensteincom.at\/wp-content\/uploads\/2026\/04\/Kein-Titel-1920-x-1080-px-1.png","datePublished":"2023-05-01T14:37:09+00:00","dateModified":"2026-04-23T13:11:23+00:00","description":"Our team consists of six creative minds, clever strategists and passionate communication professionals. We live and love PR!","breadcrumb":{"@id":"https:\/\/www.brandensteincom.at\/team-4\/#breadcrumb"},"inLanguage":"en-GB","potentialAction":[{"@type":"ReadAction","target":["https:\/\/www.brandensteincom.at\/team-4\/"]}]},{"@type":"ImageObject","inLanguage":"en-GB","@id":"https:\/\/www.brandensteincom.at\/team-4\/#primaryimage","url":"https:\/\/www.brandensteincom.at\/wp-content\/uploads\/2026\/04\/Kein-Titel-1920-x-1080-px-1.png","contentUrl":"https:\/\/www.brandensteincom.at\/wp-content\/uploads\/2026\/04\/Kein-Titel-1920-x-1080-px-1.png"},{"@type":"BreadcrumbList","@id":"https:\/\/www.brandensteincom.at\/team-4\/#breadcrumb","itemListElement":[{"@type":"ListItem","position":1,"name":"Startseite","item":"https:\/\/www.brandensteincom.at\/"},{"@type":"ListItem","position":2,"name":"TEAM"}]},{"@type":"WebSite","@id":"https:\/\/www.brandensteincom.at\/#website","url":"https:\/\/www.brandensteincom.at\/","name":"Brandenstein Communications","description":"PR agency","publisher":{"@id":"https:\/\/www.brandensteincom.at\/#organization"},"potentialAction":[{"@type":"SearchAction","target":{"@type":"EntryPoint","urlTemplate":"https:\/\/www.brandensteincom.at\/?s={search_term_string}"},"query-input":{"@type":"PropertyValueSpecification","valueRequired":true,"valueName":"search_term_string"}}],"inLanguage":"en-GB"},{"@type":"Organization","@id":"https:\/\/www.brandensteincom.at\/#organization","name":"Brandenstein Communications","url":"https:\/\/www.brandensteincom.at\/","logo":{"@type":"ImageObject","inLanguage":"en-GB","@id":"https:\/\/www.brandensteincom.at\/#\/schema\/logo\/image\/","url":"https:\/\/www.brandensteincom.at\/wp-content\/uploads\/2023\/05\/cropped-Brandenstein_Master_BC-scaled-1.jpg","contentUrl":"https:\/\/www.brandensteincom.at\/wp-content\/uploads\/2023\/05\/cropped-Brandenstein_Master_BC-scaled-1.jpg","width":2557,"height":732,"caption":"Brandenstein Communications"},"image":{"@id":"https:\/\/www.brandensteincom.at\/#\/schema\/logo\/image\/"},"sameAs":["https:\/\/www.facebook.com\/BrandensteinCommunications\/","https:\/\/x.com\/BrandensteinCom","https:\/\/www.instagram.com\/brandenstein_communications\/","https:\/\/www.tiktok.com\/@brandenstein_pr","https:\/\/at.pinterest.com\/brandensteincommunications\/","https:\/\/www.linkedin.com\/company\/brandensteincommunications"]}]}},"_links":{"self":[{"href":"https:\/\/www.brandensteincom.at\/en\/wp-json\/wp\/v2\/pages\/70935","targetHints":{"allow":["GET"]}}],"collection":[{"href":"https:\/\/www.brandensteincom.at\/en\/wp-json\/wp\/v2\/pages"}],"about":[{"href":"https:\/\/www.brandensteincom.at\/en\/wp-json\/wp\/v2\/types\/page"}],"author":[{"embeddable":true,"href":"https:\/\/www.brandensteincom.at\/en\/wp-json\/wp\/v2\/users\/25"}],"replies":[{"embeddable":true,"href":"https:\/\/www.brandensteincom.at\/en\/wp-json\/wp\/v2\/comments?post=70935"}],"version-history":[{"count":234,"href":"https:\/\/www.brandensteincom.at\/en\/wp-json\/wp\/v2\/pages\/70935\/revisions"}],"predecessor-version":[{"id":75370,"href":"https:\/\/www.brandensteincom.at\/en\/wp-json\/wp\/v2\/pages\/70935\/revisions\/75370"}],"wp:attachment":[{"href":"https:\/\/www.brandensteincom.at\/en\/wp-json\/wp\/v2\/media?parent=70935"}],"curies":[{"name":"wp","href":"https:\/\/api.w.org\/{rel}","templated":true}]}}